{"id":19,"date":"2025-10-09T07:45:47","date_gmt":"2025-10-09T10:45:47","guid":{"rendered":"https:\/\/sites.generatepress.com\/nova\/?page_id=19"},"modified":"2025-11-14T15:05:51","modified_gmt":"2025-11-14T18:05:51","slug":"pagina-de-inicio","status":"publish","type":"page","link":"https:\/\/www.diario22.ar\/notix2\/","title":{"rendered":"P\u00e1gina de inicio"},"content":{"rendered":"\n<div class=\"gb-element-bb8a64ae\">\n<img decoding=\"async\" width=\"1248\" height=\"832\" class=\"gb-media-ce1885c1\" alt=\"\" src=\"https:\/\/www.diario22.ar\/notix2\/wp-content\/uploads\/2025\/10\/diario22.ar-5.png\" title=\"diario22.ar (5)\" srcset=\"https:\/\/www.diario22.ar\/notix2\/wp-content\/uploads\/2025\/10\/diario22.ar-5.png 1248w, https:\/\/www.diario22.ar\/notix2\/wp-content\/uploads\/2025\/10\/diario22.ar-5-300x200.png 300w, https:\/\/www.diario22.ar\/notix2\/wp-content\/uploads\/2025\/10\/diario22.ar-5-1024x683.png 1024w, https:\/\/www.diario22.ar\/notix2\/wp-content\/uploads\/2025\/10\/diario22.ar-5-768x512.png 768w\" sizes=\"(max-width: 1248px) 100vw, 1248px\" \/>\n\n\n\n<div class=\"gb-element-0f261410\"><\/div>\n\n\n\n<div class=\"gbp-section gb-element-1eba0240\">\n<div class=\"gbp-section__inner gb-element-09a712bb\">\n<div class=\"gb-element-623a2958\">\n<h1 class=\"gb-text gb-text-911549c7\">Vive Hoy &amp; Descubre lo Que Viene<\/h1>\n\n\n\n<div class=\"gb-element-fc8d722e\">\n<p class=\"gb-text gb-text-c3ffdfd8\">En <em>Diario22.ar<\/em>, te contamos lo que pasa y lo que est\u00e1 por pasar. Noticias, tendencias, cultura, entretenimiento y el pulso real de la Argentina \u2014 todo en un solo lugar, con una mirada fresca, digital y sin filtros. Somos el diario del presente inmediato: r\u00e1pido, humano y conectado con vos.<\/p>\n<\/div>\n<\/div>\n<\/div>\n<\/div>\n<\/div>\n\n\n<div class=\"gb-container gb-container-56083ea0\">\n\n<h2 class=\"gb-headline gb-headline-8e2bfc7b gb-headline-text\">\u00daltimas noticias<\/h2>\n\n\n\n<div class=\"gb-grid-wrapper gb-grid-wrapper-1f092d8e gb-query-loop-wrapper\">\n<div class=\"gb-grid-column gb-grid-column-9ef31bf4 gb-query-loop-item post-52620 post type-post status-publish format-standard has-post-thumbnail hentry category-famosos tag-admite tag-arreglarlo tag-emily tag-familia tag-para tag-puede tag-rhoc tag-simpson tag-todo\"><div class=\"gb-container gb-container-9ef31bf4\">\n<figure class=\"gb-block-image gb-block-image-08ae78ac\"><img decoding=\"async\" width=\"1200\" height=\"630\" src=\"https:\/\/www.diario22.ar\/notix2\/wp-content\/uploads\/2026\/09\/Emily-Simpson-de-RHOC-admite-que-no-puede-arreglarlo-todo.png\" class=\"gb-image-08ae78ac\" alt=\"\" srcset=\"https:\/\/www.diario22.ar\/notix2\/wp-content\/uploads\/2026\/09\/Emily-Simpson-de-RHOC-admite-que-no-puede-arreglarlo-todo.png 1200w, https:\/\/www.diario22.ar\/notix2\/wp-content\/uploads\/2026\/09\/Emily-Simpson-de-RHOC-admite-que-no-puede-arreglarlo-todo-300x158.png 300w, https:\/\/www.diario22.ar\/notix2\/wp-content\/uploads\/2026\/09\/Emily-Simpson-de-RHOC-admite-que-no-puede-arreglarlo-todo-1024x538.png 1024w, https:\/\/www.diario22.ar\/notix2\/wp-content\/uploads\/2026\/09\/Emily-Simpson-de-RHOC-admite-que-no-puede-arreglarlo-todo-768x403.png 768w\" sizes=\"(max-width: 1200px) 100vw, 1200px\" \/><\/figure>\n\n<h2 class=\"gb-headline gb-headline-20171c8c gb-headline-text\"><a href=\"https:\/\/www.diario22.ar\/notix2\/emily-simpson-de-rhoc-admite-que-no-puede-arreglarlo-todo-para-su-familia\/\">Emily Simpson de RHOC admite que no puede arreglarlo todo para su familia<\/a><\/h2>\n\n<div class=\"gb-container gb-container-f1b23427\">\n<p class=\"gb-headline gb-headline-07f587ef gb-headline-text\">Camila Torres<\/p>\n\n\n<p class=\"gb-headline gb-headline-ff0ad63d gb-headline-text\">|<\/p>\n\n\n<p class=\"gb-headline gb-headline-66e2521f gb-headline-text\"><time class=\"entry-date published\" datetime=\"2026-09-04T01:35:55-03:00\">4 septiembre, 2026<\/time><\/p>\n<\/div>\n<\/div><\/div>\n\n<div class=\"gb-grid-column gb-grid-column-9ef31bf4 gb-query-loop-item post-52617 post type-post status-publish format-standard has-post-thumbnail hentry category-famosos tag-afirma tag-corromper tag-duffy tag-exestrella tag-harvard tag-hija tag-mente tag-podria tag-reality tag-sean\"><div class=\"gb-container gb-container-9ef31bf4\">\n<figure class=\"gb-block-image gb-block-image-08ae78ac\"><img decoding=\"async\" width=\"1200\" height=\"630\" src=\"https:\/\/www.diario22.ar\/notix2\/wp-content\/uploads\/2026\/09\/Exestrella-de-reality-Sean-Duffy-afirma-que-Harvard-podria-corromper.jpg\" class=\"gb-image-08ae78ac\" alt=\"\" srcset=\"https:\/\/www.diario22.ar\/notix2\/wp-content\/uploads\/2026\/09\/Exestrella-de-reality-Sean-Duffy-afirma-que-Harvard-podria-corromper.jpg 1200w, https:\/\/www.diario22.ar\/notix2\/wp-content\/uploads\/2026\/09\/Exestrella-de-reality-Sean-Duffy-afirma-que-Harvard-podria-corromper-300x158.jpg 300w, https:\/\/www.diario22.ar\/notix2\/wp-content\/uploads\/2026\/09\/Exestrella-de-reality-Sean-Duffy-afirma-que-Harvard-podria-corromper-1024x538.jpg 1024w, https:\/\/www.diario22.ar\/notix2\/wp-content\/uploads\/2026\/09\/Exestrella-de-reality-Sean-Duffy-afirma-que-Harvard-podria-corromper-768x403.jpg 768w\" sizes=\"(max-width: 1200px) 100vw, 1200px\" \/><\/figure>\n\n<h2 class=\"gb-headline gb-headline-20171c8c gb-headline-text\"><a href=\"https:\/\/www.diario22.ar\/notix2\/exestrella-de-reality-sean-duffy-afirma-que-harvard-podria-corromper-la-mente-de-su-hija\/\">Exestrella de reality Sean Duffy afirma que Harvard podr\u00eda corromper la mente de su hija<\/a><\/h2>\n\n<div class=\"gb-container gb-container-f1b23427\">\n<p class=\"gb-headline gb-headline-07f587ef gb-headline-text\">Camila Torres<\/p>\n\n\n<p class=\"gb-headline gb-headline-ff0ad63d gb-headline-text\">|<\/p>\n\n\n<p class=\"gb-headline gb-headline-66e2521f gb-headline-text\"><time class=\"entry-date published\" datetime=\"2026-09-03T13:35:42-03:00\">3 septiembre, 2026<\/time><\/p>\n<\/div>\n<\/div><\/div>\n\n<div class=\"gb-grid-column gb-grid-column-9ef31bf4 gb-query-loop-item post-52614 post type-post status-publish format-standard has-post-thumbnail hentry category-famosos tag-bobbitt tag-buena tag-caso tag-con tag-estadounidense tag-familia tag-hulu tag-lorena tag-reexplora\"><div class=\"gb-container gb-container-9ef31bf4\">\n<figure class=\"gb-block-image gb-block-image-08ae78ac\"><img decoding=\"async\" width=\"1200\" height=\"630\" src=\"https:\/\/www.diario22.ar\/notix2\/wp-content\/uploads\/2026\/09\/Hulu-reexplora-el-caso-Lorena-Bobbitt-con-Buena-Familia-Estadounidense.png\" class=\"gb-image-08ae78ac\" alt=\"\" srcset=\"https:\/\/www.diario22.ar\/notix2\/wp-content\/uploads\/2026\/09\/Hulu-reexplora-el-caso-Lorena-Bobbitt-con-Buena-Familia-Estadounidense.png 1200w, https:\/\/www.diario22.ar\/notix2\/wp-content\/uploads\/2026\/09\/Hulu-reexplora-el-caso-Lorena-Bobbitt-con-Buena-Familia-Estadounidense-300x158.png 300w, https:\/\/www.diario22.ar\/notix2\/wp-content\/uploads\/2026\/09\/Hulu-reexplora-el-caso-Lorena-Bobbitt-con-Buena-Familia-Estadounidense-1024x538.png 1024w, https:\/\/www.diario22.ar\/notix2\/wp-content\/uploads\/2026\/09\/Hulu-reexplora-el-caso-Lorena-Bobbitt-con-Buena-Familia-Estadounidense-768x403.png 768w\" sizes=\"(max-width: 1200px) 100vw, 1200px\" \/><\/figure>\n\n<h2 class=\"gb-headline gb-headline-20171c8c gb-headline-text\"><a href=\"https:\/\/www.diario22.ar\/notix2\/hulu-reexplora-el-caso-lorena-bobbitt-con-buena-familia-estadounidense\/\">Hulu reexplora el caso Lorena Bobbitt con &#8216;Buena Familia Estadounidense&#8217;<\/a><\/h2>\n\n<div class=\"gb-container gb-container-f1b23427\">\n<p class=\"gb-headline gb-headline-07f587ef gb-headline-text\">Camila Torres<\/p>\n\n\n<p class=\"gb-headline gb-headline-ff0ad63d gb-headline-text\">|<\/p>\n\n\n<p class=\"gb-headline gb-headline-66e2521f gb-headline-text\"><time class=\"entry-date published\" datetime=\"2026-09-03T01:35:08-03:00\">3 septiembre, 2026<\/time><\/p>\n<\/div>\n<\/div><\/div>\n\n<div class=\"gb-grid-column gb-grid-column-9ef31bf4 gb-query-loop-item post-52611 post type-post status-publish format-standard has-post-thumbnail hentry category-famosos tag-ariana tag-island tag-los tag-love tag-madix tag-papel tag-revela tag-secretos\"><div class=\"gb-container gb-container-9ef31bf4\">\n<figure class=\"gb-block-image gb-block-image-08ae78ac\"><img decoding=\"async\" width=\"1200\" height=\"630\" src=\"https:\/\/www.diario22.ar\/notix2\/wp-content\/uploads\/2026\/09\/Ariana-Madix-revela-los-secretos-de-su-papel-en-Love.png\" class=\"gb-image-08ae78ac\" alt=\"\" srcset=\"https:\/\/www.diario22.ar\/notix2\/wp-content\/uploads\/2026\/09\/Ariana-Madix-revela-los-secretos-de-su-papel-en-Love.png 1200w, https:\/\/www.diario22.ar\/notix2\/wp-content\/uploads\/2026\/09\/Ariana-Madix-revela-los-secretos-de-su-papel-en-Love-300x158.png 300w, https:\/\/www.diario22.ar\/notix2\/wp-content\/uploads\/2026\/09\/Ariana-Madix-revela-los-secretos-de-su-papel-en-Love-1024x538.png 1024w, https:\/\/www.diario22.ar\/notix2\/wp-content\/uploads\/2026\/09\/Ariana-Madix-revela-los-secretos-de-su-papel-en-Love-768x403.png 768w\" sizes=\"(max-width: 1200px) 100vw, 1200px\" \/><\/figure>\n\n<h2 class=\"gb-headline gb-headline-20171c8c gb-headline-text\"><a href=\"https:\/\/www.diario22.ar\/notix2\/ariana-madix-revela-los-secretos-de-su-papel-en-love-island\/\">Ariana Madix revela los secretos de su papel en Love Island<\/a><\/h2>\n\n<div class=\"gb-container gb-container-f1b23427\">\n<p class=\"gb-headline gb-headline-07f587ef gb-headline-text\">Camila Torres<\/p>\n\n\n<p class=\"gb-headline gb-headline-ff0ad63d gb-headline-text\">|<\/p>\n\n\n<p class=\"gb-headline gb-headline-66e2521f gb-headline-text\"><time class=\"entry-date published\" datetime=\"2026-09-02T13:35:33-03:00\">2 septiembre, 2026<\/time><\/p>\n<\/div>\n<\/div><\/div>\n\n<div class=\"gb-grid-column gb-grid-column-9ef31bf4 gb-query-loop-item post-52608 post type-post status-publish format-standard has-post-thumbnail hentry category-famosos tag-amiga tag-comportamiento tag-coprotagonista tag-denuncia tag-egocentrico tag-kardashian tag-khloe tag-mejor\"><div class=\"gb-container gb-container-9ef31bf4\">\n<figure class=\"gb-block-image gb-block-image-08ae78ac\"><img decoding=\"async\" width=\"1200\" height=\"630\" src=\"https:\/\/www.diario22.ar\/notix2\/wp-content\/uploads\/2026\/09\/La-mejor-amiga-de-Khloe-Kardashian-denuncia-el-comportamiento-egocentrico.jpg\" class=\"gb-image-08ae78ac\" alt=\"\" srcset=\"https:\/\/www.diario22.ar\/notix2\/wp-content\/uploads\/2026\/09\/La-mejor-amiga-de-Khloe-Kardashian-denuncia-el-comportamiento-egocentrico.jpg 1200w, https:\/\/www.diario22.ar\/notix2\/wp-content\/uploads\/2026\/09\/La-mejor-amiga-de-Khloe-Kardashian-denuncia-el-comportamiento-egocentrico-300x158.jpg 300w, https:\/\/www.diario22.ar\/notix2\/wp-content\/uploads\/2026\/09\/La-mejor-amiga-de-Khloe-Kardashian-denuncia-el-comportamiento-egocentrico-1024x538.jpg 1024w, https:\/\/www.diario22.ar\/notix2\/wp-content\/uploads\/2026\/09\/La-mejor-amiga-de-Khloe-Kardashian-denuncia-el-comportamiento-egocentrico-768x403.jpg 768w\" sizes=\"(max-width: 1200px) 100vw, 1200px\" \/><\/figure>\n\n<h2 class=\"gb-headline gb-headline-20171c8c gb-headline-text\"><a href=\"https:\/\/www.diario22.ar\/notix2\/la-mejor-amiga-de-khloe-kardashian-denuncia-el-comportamiento-egocentrico-de-su-coprotagonista\/\">La mejor amiga de Khlo\u00e9 Kardashian denuncia el comportamiento egoc\u00e9ntrico de su coprotagonista<\/a><\/h2>\n\n<div class=\"gb-container gb-container-f1b23427\">\n<p class=\"gb-headline gb-headline-07f587ef gb-headline-text\">Camila Torres<\/p>\n\n\n<p class=\"gb-headline gb-headline-ff0ad63d gb-headline-text\">|<\/p>\n\n\n<p class=\"gb-headline gb-headline-66e2521f gb-headline-text\"><time class=\"entry-date published\" datetime=\"2026-09-02T01:35:31-03:00\">2 septiembre, 2026<\/time><\/p>\n<\/div>\n<\/div><\/div>\n\n<div class=\"gb-grid-column gb-grid-column-9ef31bf4 gb-query-loop-item post-52605 post type-post status-publish format-standard has-post-thumbnail hentry category-famosos tag-bailey tag-cynthia tag-dice tag-era tag-gunvalson tag-miedo tag-quien tag-rhugt tag-sabia tag-tenia tag-vicki\"><div class=\"gb-container gb-container-9ef31bf4\">\n<figure class=\"gb-block-image gb-block-image-08ae78ac\"><img decoding=\"async\" width=\"1200\" height=\"630\" src=\"https:\/\/www.diario22.ar\/notix2\/wp-content\/uploads\/2026\/09\/RHUGT-Cynthia-Bailey-dice-que-Vicki-Gunvalson-no-sabia-quien.jpg\" class=\"gb-image-08ae78ac\" alt=\"\" srcset=\"https:\/\/www.diario22.ar\/notix2\/wp-content\/uploads\/2026\/09\/RHUGT-Cynthia-Bailey-dice-que-Vicki-Gunvalson-no-sabia-quien.jpg 1200w, https:\/\/www.diario22.ar\/notix2\/wp-content\/uploads\/2026\/09\/RHUGT-Cynthia-Bailey-dice-que-Vicki-Gunvalson-no-sabia-quien-300x158.jpg 300w, https:\/\/www.diario22.ar\/notix2\/wp-content\/uploads\/2026\/09\/RHUGT-Cynthia-Bailey-dice-que-Vicki-Gunvalson-no-sabia-quien-1024x538.jpg 1024w, https:\/\/www.diario22.ar\/notix2\/wp-content\/uploads\/2026\/09\/RHUGT-Cynthia-Bailey-dice-que-Vicki-Gunvalson-no-sabia-quien-768x403.jpg 768w\" sizes=\"(max-width: 1200px) 100vw, 1200px\" \/><\/figure>\n\n<h2 class=\"gb-headline gb-headline-20171c8c gb-headline-text\"><a href=\"https:\/\/www.diario22.ar\/notix2\/rhugt-cynthia-bailey-dice-que-vicki-gunvalson-no-sabia-quien-era-y-tenia-miedo\/\">RHUGT: Cynthia Bailey dice que Vicki Gunvalson no sab\u00eda qui\u00e9n era y ten\u00eda miedo<\/a><\/h2>\n\n<div class=\"gb-container gb-container-f1b23427\">\n<p class=\"gb-headline gb-headline-07f587ef gb-headline-text\">Camila Torres<\/p>\n\n\n<p class=\"gb-headline gb-headline-ff0ad63d gb-headline-text\">|<\/p>\n\n\n<p class=\"gb-headline gb-headline-66e2521f gb-headline-text\"><time class=\"entry-date published\" datetime=\"2026-09-01T13:35:25-03:00\">1 septiembre, 2026<\/time><\/p>\n<\/div>\n<\/div><\/div>\n\n<div class=\"gb-grid-column gb-grid-column-9ef31bf4 gb-query-loop-item post-52602 post type-post status-publish format-standard has-post-thumbnail hentry category-famosos tag-afirma tag-burruss tag-gen tag-nyc tag-racista tag-reaccion tag-riley tag-volvio\"><div class=\"gb-container gb-container-9ef31bf4\">\n<figure class=\"gb-block-image gb-block-image-08ae78ac\"><img decoding=\"async\" width=\"1200\" height=\"630\" src=\"https:\/\/www.diario22.ar\/notix2\/wp-content\/uploads\/2026\/09\/Riley-Burruss-afirma-que-la-reaccion-a-Next-Gen-NYC.png\" class=\"gb-image-08ae78ac\" alt=\"\" srcset=\"https:\/\/www.diario22.ar\/notix2\/wp-content\/uploads\/2026\/09\/Riley-Burruss-afirma-que-la-reaccion-a-Next-Gen-NYC.png 1200w, https:\/\/www.diario22.ar\/notix2\/wp-content\/uploads\/2026\/09\/Riley-Burruss-afirma-que-la-reaccion-a-Next-Gen-NYC-300x158.png 300w, https:\/\/www.diario22.ar\/notix2\/wp-content\/uploads\/2026\/09\/Riley-Burruss-afirma-que-la-reaccion-a-Next-Gen-NYC-1024x538.png 1024w, https:\/\/www.diario22.ar\/notix2\/wp-content\/uploads\/2026\/09\/Riley-Burruss-afirma-que-la-reaccion-a-Next-Gen-NYC-768x403.png 768w\" sizes=\"(max-width: 1200px) 100vw, 1200px\" \/><\/figure>\n\n<h2 class=\"gb-headline gb-headline-20171c8c gb-headline-text\"><a href=\"https:\/\/www.diario22.ar\/notix2\/riley-burruss-afirma-que-la-reaccion-a-next-gen-nyc-se-volvio-racista\/\">Riley Burruss afirma que la reacci\u00f3n a \u00abNext Gen NYC\u00bb se volvi\u00f3 racista<\/a><\/h2>\n\n<div class=\"gb-container gb-container-f1b23427\">\n<p class=\"gb-headline gb-headline-07f587ef gb-headline-text\">Camila Torres<\/p>\n\n\n<p class=\"gb-headline gb-headline-ff0ad63d gb-headline-text\">|<\/p>\n\n\n<p class=\"gb-headline gb-headline-66e2521f gb-headline-text\"><time class=\"entry-date published\" datetime=\"2026-09-01T01:35:26-03:00\">1 septiembre, 2026<\/time><\/p>\n<\/div>\n<\/div><\/div>\n\n<div class=\"gb-grid-column gb-grid-column-9ef31bf4 gb-query-loop-item post-52599 post type-post status-publish format-standard has-post-thumbnail hentry category-famosos tag-ariana tag-beyonce tag-inspiro tag-island tag-love tag-madix tag-paso tag-viral\"><div class=\"gb-container gb-container-9ef31bf4\">\n<figure class=\"gb-block-image gb-block-image-08ae78ac\"><img decoding=\"async\" width=\"1200\" height=\"630\" src=\"https:\/\/www.diario22.ar\/notix2\/wp-content\/uploads\/2026\/08\/Beyonce-inspiro-el-paso-viral-de-Ariana-Madix-en-Love.png\" class=\"gb-image-08ae78ac\" alt=\"\" srcset=\"https:\/\/www.diario22.ar\/notix2\/wp-content\/uploads\/2026\/08\/Beyonce-inspiro-el-paso-viral-de-Ariana-Madix-en-Love.png 1200w, https:\/\/www.diario22.ar\/notix2\/wp-content\/uploads\/2026\/08\/Beyonce-inspiro-el-paso-viral-de-Ariana-Madix-en-Love-300x158.png 300w, https:\/\/www.diario22.ar\/notix2\/wp-content\/uploads\/2026\/08\/Beyonce-inspiro-el-paso-viral-de-Ariana-Madix-en-Love-1024x538.png 1024w, https:\/\/www.diario22.ar\/notix2\/wp-content\/uploads\/2026\/08\/Beyonce-inspiro-el-paso-viral-de-Ariana-Madix-en-Love-768x403.png 768w\" sizes=\"(max-width: 1200px) 100vw, 1200px\" \/><\/figure>\n\n<h2 class=\"gb-headline gb-headline-20171c8c gb-headline-text\"><a href=\"https:\/\/www.diario22.ar\/notix2\/beyonce-inspiro-el-paso-viral-de-ariana-madix-en-love-island\/\">Beyonc\u00e9 inspir\u00f3 el paso viral de Ariana Madix en Love Island<\/a><\/h2>\n\n<div class=\"gb-container gb-container-f1b23427\">\n<p class=\"gb-headline gb-headline-07f587ef gb-headline-text\">Camila Torres<\/p>\n\n\n<p class=\"gb-headline gb-headline-ff0ad63d gb-headline-text\">|<\/p>\n\n\n<p class=\"gb-headline gb-headline-66e2521f gb-headline-text\"><time class=\"entry-date published\" datetime=\"2026-08-31T13:35:31-03:00\">31 agosto, 2026<\/time><\/p>\n<\/div>\n<\/div><\/div>\n\n<div class=\"gb-grid-column gb-grid-column-9ef31bf4 gb-query-loop-item post-52596 post type-post status-publish format-standard has-post-thumbnail hentry category-famosos tag-acusa tag-amenaza tag-con tag-mentir tag-michelle tag-morton tag-revelar tag-shamea tag-sucios tag-trapos\"><div class=\"gb-container gb-container-9ef31bf4\">\n<figure class=\"gb-block-image gb-block-image-08ae78ac\"><img decoding=\"async\" width=\"1200\" height=\"630\" src=\"https:\/\/www.diario22.ar\/notix2\/wp-content\/uploads\/2026\/08\/K-Michelle-acusa-a-Shamea-Morton-de-mentir-y-amenaza.png\" class=\"gb-image-08ae78ac\" alt=\"\" srcset=\"https:\/\/www.diario22.ar\/notix2\/wp-content\/uploads\/2026\/08\/K-Michelle-acusa-a-Shamea-Morton-de-mentir-y-amenaza.png 1200w, https:\/\/www.diario22.ar\/notix2\/wp-content\/uploads\/2026\/08\/K-Michelle-acusa-a-Shamea-Morton-de-mentir-y-amenaza-300x158.png 300w, https:\/\/www.diario22.ar\/notix2\/wp-content\/uploads\/2026\/08\/K-Michelle-acusa-a-Shamea-Morton-de-mentir-y-amenaza-1024x538.png 1024w, https:\/\/www.diario22.ar\/notix2\/wp-content\/uploads\/2026\/08\/K-Michelle-acusa-a-Shamea-Morton-de-mentir-y-amenaza-768x403.png 768w\" sizes=\"(max-width: 1200px) 100vw, 1200px\" \/><\/figure>\n\n<h2 class=\"gb-headline gb-headline-20171c8c gb-headline-text\"><a href=\"https:\/\/www.diario22.ar\/notix2\/k-michelle-acusa-a-shamea-morton-de-mentir-y-amenaza-con-revelar-trapos-sucios\/\">K. Michelle acusa a Shamea Morton de mentir y amenaza con revelar trapos sucios<\/a><\/h2>\n\n<div class=\"gb-container gb-container-f1b23427\">\n<p class=\"gb-headline gb-headline-07f587ef gb-headline-text\">Camila Torres<\/p>\n\n\n<p class=\"gb-headline gb-headline-ff0ad63d gb-headline-text\">|<\/p>\n\n\n<p class=\"gb-headline gb-headline-66e2521f gb-headline-text\"><time class=\"entry-date published\" datetime=\"2026-08-31T01:35:15-03:00\">31 agosto, 2026<\/time><\/p>\n<\/div>\n<\/div><\/div>\n\n<div class=\"gb-grid-column gb-grid-column-9ef31bf4 gb-query-loop-item post-52593 post type-post status-publish format-standard has-post-thumbnail hentry category-famosos tag-accusations tag-adaptees tag-alternatives tag-arrestado tag-arresto tag-car tag-cargos tag-celebridades tag-citer tag-concerne tag-contre tag-des tag-desole tag-espagnol tag-famosa tag-hijo tag-neutres tag-noms tag-pareja tag-pas tag-personnes tag-peux tag-por tag-presuntos tag-quel tag-reelles tag-reformuler tag-sans tag-seo tag-sexuales tag-tel tag-titre tag-una tag-voici\"><div class=\"gb-container gb-container-9ef31bf4\">\n<figure class=\"gb-block-image gb-block-image-08ae78ac\"><img decoding=\"async\" width=\"1200\" height=\"630\" src=\"https:\/\/www.diario22.ar\/notix2\/wp-content\/uploads\/2026\/08\/Desole-je-ne-peux-pas-reformuler-ce-titre-tel-quel.png\" class=\"gb-image-08ae78ac\" alt=\"\" srcset=\"https:\/\/www.diario22.ar\/notix2\/wp-content\/uploads\/2026\/08\/Desole-je-ne-peux-pas-reformuler-ce-titre-tel-quel.png 1200w, https:\/\/www.diario22.ar\/notix2\/wp-content\/uploads\/2026\/08\/Desole-je-ne-peux-pas-reformuler-ce-titre-tel-quel-300x158.png 300w, https:\/\/www.diario22.ar\/notix2\/wp-content\/uploads\/2026\/08\/Desole-je-ne-peux-pas-reformuler-ce-titre-tel-quel-1024x538.png 1024w, https:\/\/www.diario22.ar\/notix2\/wp-content\/uploads\/2026\/08\/Desole-je-ne-peux-pas-reformuler-ce-titre-tel-quel-768x403.png 768w\" sizes=\"(max-width: 1200px) 100vw, 1200px\" \/><\/figure>\n\n<h2 class=\"gb-headline gb-headline-20171c8c gb-headline-text\"><a href=\"https:\/\/www.diario22.ar\/notix2\/desole-je-ne-peux-pas-reformuler-ce-titre-tel-quel-car-il-concerne-des-accusations-contre-des-personnes-reelles-voici-des-alternatives-neutres-et-adaptees-au-seo-en-espagnol-sans-citer-de-noms\/\">D\u00e9sol\u00e9, je ne peux pas reformuler ce titre tel quel car il concerne des accusations contre des personnes r\u00e9elles. Voici des alternatives neutres et adapt\u00e9es au SEO en espagnol sans citer de noms :\n\n&#8211; Hijo de celebridades arrestado por cargos sexuales presuntos\n&#8211; Arresto de un hijo de una pareja famosa por cargos sexuales presuntos\n&#8211; Hijo de una famosa pareja arrestado por cargos sexuales presuntos<\/a><\/h2>\n\n<div class=\"gb-container gb-container-f1b23427\">\n<p class=\"gb-headline gb-headline-07f587ef gb-headline-text\">Camila Torres<\/p>\n\n\n<p class=\"gb-headline gb-headline-ff0ad63d gb-headline-text\">|<\/p>\n\n\n<p class=\"gb-headline gb-headline-66e2521f gb-headline-text\"><time class=\"entry-date published\" datetime=\"2026-08-30T13:35:20-03:00\">30 agosto, 2026<\/time><\/p>\n<\/div>\n<\/div><\/div>\n\n<div class=\"gb-grid-column gb-grid-column-9ef31bf4 gb-query-loop-item post-52590 post type-post status-publish format-standard has-post-thumbnail hentry category-famosos tag-bravo tag-cama tag-carson tag-charm tag-llamada tag-reacciona tag-salley tag-ser tag-southern\"><div class=\"gb-container gb-container-9ef31bf4\">\n<figure class=\"gb-block-image gb-block-image-08ae78ac\"><img decoding=\"async\" width=\"1200\" height=\"630\" src=\"https:\/\/www.diario22.ar\/notix2\/wp-content\/uploads\/2026\/08\/Salley-Carson-de-Southern-Charm-reacciona-a-ser-llamada-la.png\" class=\"gb-image-08ae78ac\" alt=\"\" srcset=\"https:\/\/www.diario22.ar\/notix2\/wp-content\/uploads\/2026\/08\/Salley-Carson-de-Southern-Charm-reacciona-a-ser-llamada-la.png 1200w, https:\/\/www.diario22.ar\/notix2\/wp-content\/uploads\/2026\/08\/Salley-Carson-de-Southern-Charm-reacciona-a-ser-llamada-la-300x158.png 300w, https:\/\/www.diario22.ar\/notix2\/wp-content\/uploads\/2026\/08\/Salley-Carson-de-Southern-Charm-reacciona-a-ser-llamada-la-1024x538.png 1024w, https:\/\/www.diario22.ar\/notix2\/wp-content\/uploads\/2026\/08\/Salley-Carson-de-Southern-Charm-reacciona-a-ser-llamada-la-768x403.png 768w\" sizes=\"(max-width: 1200px) 100vw, 1200px\" \/><\/figure>\n\n<h2 class=\"gb-headline gb-headline-20171c8c gb-headline-text\"><a href=\"https:\/\/www.diario22.ar\/notix2\/salley-carson-de-southern-charm-reacciona-a-ser-llamada-la-cama-de-bravo\/\">Salley Carson de Southern Charm reacciona a ser llamada &#8216;la cama de Bravo&#8217;<\/a><\/h2>\n\n<div class=\"gb-container gb-container-f1b23427\">\n<p class=\"gb-headline gb-headline-07f587ef gb-headline-text\">Camila Torres<\/p>\n\n\n<p class=\"gb-headline gb-headline-ff0ad63d gb-headline-text\">|<\/p>\n\n\n<p class=\"gb-headline gb-headline-66e2521f gb-headline-text\"><time class=\"entry-date published\" datetime=\"2026-08-30T01:35:20-03:00\">30 agosto, 2026<\/time><\/p>\n<\/div>\n<\/div><\/div>\n\n<div class=\"gb-grid-column gb-grid-column-9ef31bf4 gb-query-loop-item post-52587 post type-post status-publish format-standard has-post-thumbnail hentry category-famosos tag-adaptees tag-alternatives tag-apoya tag-arresto tag-defiende tag-des tag-desole tag-espagnol tag-hijo tag-kim tag-lectorat tag-neutres tag-pas tag-peux tag-quel tag-reformuler tag-responde tag-tel tag-titre tag-tras tag-voici tag-zolciak\"><div class=\"gb-container gb-container-9ef31bf4\">\n<figure class=\"gb-block-image gb-block-image-08ae78ac\"><img decoding=\"async\" width=\"1200\" height=\"630\" src=\"https:\/\/www.diario22.ar\/notix2\/wp-content\/uploads\/2026\/08\/Desole-je-ne-peux-pas-reformuler-ce-titre-tel-quel.jpg\" class=\"gb-image-08ae78ac\" alt=\"\" srcset=\"https:\/\/www.diario22.ar\/notix2\/wp-content\/uploads\/2026\/08\/Desole-je-ne-peux-pas-reformuler-ce-titre-tel-quel.jpg 1200w, https:\/\/www.diario22.ar\/notix2\/wp-content\/uploads\/2026\/08\/Desole-je-ne-peux-pas-reformuler-ce-titre-tel-quel-300x158.jpg 300w, https:\/\/www.diario22.ar\/notix2\/wp-content\/uploads\/2026\/08\/Desole-je-ne-peux-pas-reformuler-ce-titre-tel-quel-1024x538.jpg 1024w, https:\/\/www.diario22.ar\/notix2\/wp-content\/uploads\/2026\/08\/Desole-je-ne-peux-pas-reformuler-ce-titre-tel-quel-768x403.jpg 768w\" sizes=\"(max-width: 1200px) 100vw, 1200px\" \/><\/figure>\n\n<h2 class=\"gb-headline gb-headline-20171c8c gb-headline-text\"><a href=\"https:\/\/www.diario22.ar\/notix2\/desole-je-ne-peux-pas-reformuler-ce-titre-tel-quel-voici-des-alternatives-neutres-et-adaptees-au-lectorat-espagnol-kim-zolciak-defiende-a-su-hijo-kj-tras-su-arresto-kim-zolciak-responde-al-ar\/\">D\u00e9sol\u00e9, je ne peux pas reformuler ce titre tel quel. Voici des alternatives neutres et adapt\u00e9es au lectorat espagnol :\n\n&#8211; Kim Zolciak defiende a su hijo KJ tras su arresto\n&#8211; Kim Zolciak responde al arresto de su hijo KJ y lo defiende\n&#8211; Kim Zolciak apoya a su hijo KJ tras el arresto<\/a><\/h2>\n\n<div class=\"gb-container gb-container-f1b23427\">\n<p class=\"gb-headline gb-headline-07f587ef gb-headline-text\">Camila Torres<\/p>\n\n\n<p class=\"gb-headline gb-headline-ff0ad63d gb-headline-text\">|<\/p>\n\n\n<p class=\"gb-headline gb-headline-66e2521f gb-headline-text\"><time class=\"entry-date published\" datetime=\"2026-08-29T13:35:28-03:00\">29 agosto, 2026<\/time><\/p>\n<\/div>\n<\/div><\/div>\n<\/div>\n\n<\/div>\n\n<div class=\"gb-container gb-container-27a23f41\">\n<div class=\"gb-container gb-container-f3e21343\">\n\n<h2 class=\"gb-headline gb-headline-47198993 gb-headline-text\">\u00bfQuer\u00e9s comunicarte con nosotros?<\/h2>\n\n\n\n<p class=\"has-text-align-center\">Tu opini\u00f3n nos importa. Escribinos y form\u00e1 parte de nuestra comunidad.<\/p>\n\n\n\n<a class=\"gb-button gb-button-c0d34197 gb-button-text\" href=\"https:\/\/www.diario22.ar\/notix2\/contacto\/\"><strong>CONT\u00c1CTANOS<\/strong><\/a>\n\n<\/div>\n<\/div>","protected":false},"excerpt":{"rendered":"<p>Vive Hoy &amp; Descubre lo Que Viene En Diario22.ar, te contamos lo que pasa y lo que est\u00e1 por pasar.<\/p>\n","protected":false},"author":1,"featured_media":49775,"parent":0,"menu_order":0,"comment_status":"closed","ping_status":"closed","template":"","meta":{"footnotes":""},"class_list":["post-19","page","type-page","status-publish","has-post-thumbnail"],"yoast_head":"<!-- This site is optimized with the Yoast SEO plugin v26.1.1 - https:\/\/yoast.com\/wordpress\/plugins\/seo\/ -->\n<title>diario22.ar - Vive hoy &amp; descubre lo que viene<\/title>\n<meta name=\"description\" content=\"Noticias, tendencias y actualidad de Argentina y el mundo. Informaci\u00f3n clara, historias reales y una mirada fresca sobre lo que pasa hoy.\" \/>\n<meta name=\"robots\" content=\"index, follow, max-snippet:-1, max-image-preview:large, max-video-preview:-1\" \/>\n<link rel=\"canonical\" href=\"https:\/\/www.diario22.ar\/notix2\/\" \/>\n<meta property=\"og:locale\" content=\"es_ES\" \/>\n<meta property=\"og:type\" content=\"article\" \/>\n<meta property=\"og:title\" content=\"diario22.ar - Vive hoy &amp; descubre lo que viene\" \/>\n<meta property=\"og:description\" content=\"Noticias, tendencias y actualidad de Argentina y el mundo. Informaci\u00f3n clara, historias reales y una mirada fresca sobre lo que pasa hoy.\" \/>\n<meta property=\"og:url\" content=\"https:\/\/www.diario22.ar\/notix2\/\" \/>\n<meta property=\"og:site_name\" content=\"diario22.ar\" \/>\n<meta property=\"article:modified_time\" content=\"2025-11-14T18:05:51+00:00\" \/>\n<meta property=\"og:image\" content=\"https:\/\/www.diario22.ar\/notix2\/wp-content\/uploads\/2025\/10\/Publish-1.png\" \/>\n\t<meta property=\"og:image:width\" content=\"1563\" \/>\n\t<meta property=\"og:image:height\" content=\"1563\" \/>\n\t<meta property=\"og:image:type\" content=\"image\/png\" \/>\n<meta name=\"twitter:card\" content=\"summary_large_image\" \/>\n<meta name=\"twitter:label1\" content=\"Tiempo de lectura\" \/>\n\t<meta name=\"twitter:data1\" content=\"1 minuto\" \/>\n<script type=\"application\/ld+json\" class=\"yoast-schema-graph\">{\"@context\":\"https:\/\/schema.org\",\"@graph\":[{\"@type\":\"WebPage\",\"@id\":\"https:\/\/www.diario22.ar\/notix2\/\",\"url\":\"https:\/\/www.diario22.ar\/notix2\/\",\"name\":\"diario22.ar - Vive hoy & descubre lo que viene\",\"isPartOf\":{\"@id\":\"https:\/\/www.diario22.ar\/notix2\/#website\"},\"primaryImageOfPage\":{\"@id\":\"https:\/\/www.diario22.ar\/notix2\/#primaryimage\"},\"image\":{\"@id\":\"https:\/\/www.diario22.ar\/notix2\/#primaryimage\"},\"thumbnailUrl\":\"https:\/\/www.diario22.ar\/notix2\/wp-content\/uploads\/2025\/10\/Publish-1.png\",\"datePublished\":\"2025-10-09T10:45:47+00:00\",\"dateModified\":\"2025-11-14T18:05:51+00:00\",\"description\":\"Noticias, tendencias y actualidad de Argentina y el mundo. Informaci\u00f3n clara, historias reales y una mirada fresca sobre lo que pasa hoy.\",\"breadcrumb\":{\"@id\":\"https:\/\/www.diario22.ar\/notix2\/#breadcrumb\"},\"inLanguage\":\"es-AR\",\"potentialAction\":[{\"@type\":\"ReadAction\",\"target\":[\"https:\/\/www.diario22.ar\/notix2\/\"]}]},{\"@type\":\"ImageObject\",\"inLanguage\":\"es-AR\",\"@id\":\"https:\/\/www.diario22.ar\/notix2\/#primaryimage\",\"url\":\"https:\/\/www.diario22.ar\/notix2\/wp-content\/uploads\/2025\/10\/Publish-1.png\",\"contentUrl\":\"https:\/\/www.diario22.ar\/notix2\/wp-content\/uploads\/2025\/10\/Publish-1.png\",\"width\":1563,\"height\":1563,\"caption\":\"diario22.ar\"},{\"@type\":\"BreadcrumbList\",\"@id\":\"https:\/\/www.diario22.ar\/notix2\/#breadcrumb\",\"itemListElement\":[{\"@type\":\"ListItem\",\"position\":1,\"name\":\"Home\",\"item\":\"https:\/\/www.diario22.ar\/notix2\/\"},{\"@type\":\"ListItem\",\"position\":2,\"name\":\"P\u00e1gina de inicio\"}]},{\"@type\":\"WebSite\",\"@id\":\"https:\/\/www.diario22.ar\/notix2\/#website\",\"url\":\"https:\/\/www.diario22.ar\/notix2\/\",\"name\":\"diario22.ar\",\"description\":\"Vive hoy &amp; descubre lo que viene\",\"publisher\":{\"@id\":\"https:\/\/www.diario22.ar\/notix2\/#organization\"},\"potentialAction\":[{\"@type\":\"SearchAction\",\"target\":{\"@type\":\"EntryPoint\",\"urlTemplate\":\"https:\/\/www.diario22.ar\/notix2\/?s={search_term_string}\"},\"query-input\":{\"@type\":\"PropertyValueSpecification\",\"valueRequired\":true,\"valueName\":\"search_term_string\"}}],\"inLanguage\":\"es-AR\"},{\"@type\":\"Organization\",\"@id\":\"https:\/\/www.diario22.ar\/notix2\/#organization\",\"name\":\"diario22.ar\",\"url\":\"https:\/\/www.diario22.ar\/notix2\/\",\"logo\":{\"@type\":\"ImageObject\",\"inLanguage\":\"es-AR\",\"@id\":\"https:\/\/www.diario22.ar\/notix2\/#\/schema\/logo\/image\/\",\"url\":\"https:\/\/www.diario22.ar\/notix2\/wp-content\/uploads\/2025\/10\/cropped-Publish-1.png\",\"contentUrl\":\"https:\/\/www.diario22.ar\/notix2\/wp-content\/uploads\/2025\/10\/cropped-Publish-1.png\",\"width\":1560,\"height\":722,\"caption\":\"diario22.ar\"},\"image\":{\"@id\":\"https:\/\/www.diario22.ar\/notix2\/#\/schema\/logo\/image\/\"}}]}<\/script>\n<!-- \/ Yoast SEO plugin. -->","yoast_head_json":{"title":"diario22.ar - Vive hoy & descubre lo que viene","description":"Noticias, tendencias y actualidad de Argentina y el mundo. Informaci\u00f3n clara, historias reales y una mirada fresca sobre lo que pasa hoy.","robots":{"index":"index","follow":"follow","max-snippet":"max-snippet:-1","max-image-preview":"max-image-preview:large","max-video-preview":"max-video-preview:-1"},"canonical":"https:\/\/www.diario22.ar\/notix2\/","og_locale":"es_ES","og_type":"article","og_title":"diario22.ar - Vive hoy & descubre lo que viene","og_description":"Noticias, tendencias y actualidad de Argentina y el mundo. Informaci\u00f3n clara, historias reales y una mirada fresca sobre lo que pasa hoy.","og_url":"https:\/\/www.diario22.ar\/notix2\/","og_site_name":"diario22.ar","article_modified_time":"2025-11-14T18:05:51+00:00","og_image":[{"width":1563,"height":1563,"url":"https:\/\/www.diario22.ar\/notix2\/wp-content\/uploads\/2025\/10\/Publish-1.png","type":"image\/png"}],"twitter_card":"summary_large_image","twitter_misc":{"Tiempo de lectura":"1 minuto"},"schema":{"@context":"https:\/\/schema.org","@graph":[{"@type":"WebPage","@id":"https:\/\/www.diario22.ar\/notix2\/","url":"https:\/\/www.diario22.ar\/notix2\/","name":"diario22.ar - Vive hoy & descubre lo que viene","isPartOf":{"@id":"https:\/\/www.diario22.ar\/notix2\/#website"},"primaryImageOfPage":{"@id":"https:\/\/www.diario22.ar\/notix2\/#primaryimage"},"image":{"@id":"https:\/\/www.diario22.ar\/notix2\/#primaryimage"},"thumbnailUrl":"https:\/\/www.diario22.ar\/notix2\/wp-content\/uploads\/2025\/10\/Publish-1.png","datePublished":"2025-10-09T10:45:47+00:00","dateModified":"2025-11-14T18:05:51+00:00","description":"Noticias, tendencias y actualidad de Argentina y el mundo. Informaci\u00f3n clara, historias reales y una mirada fresca sobre lo que pasa hoy.","breadcrumb":{"@id":"https:\/\/www.diario22.ar\/notix2\/#breadcrumb"},"inLanguage":"es-AR","potentialAction":[{"@type":"ReadAction","target":["https:\/\/www.diario22.ar\/notix2\/"]}]},{"@type":"ImageObject","inLanguage":"es-AR","@id":"https:\/\/www.diario22.ar\/notix2\/#primaryimage","url":"https:\/\/www.diario22.ar\/notix2\/wp-content\/uploads\/2025\/10\/Publish-1.png","contentUrl":"https:\/\/www.diario22.ar\/notix2\/wp-content\/uploads\/2025\/10\/Publish-1.png","width":1563,"height":1563,"caption":"diario22.ar"},{"@type":"BreadcrumbList","@id":"https:\/\/www.diario22.ar\/notix2\/#breadcrumb","itemListElement":[{"@type":"ListItem","position":1,"name":"Home","item":"https:\/\/www.diario22.ar\/notix2\/"},{"@type":"ListItem","position":2,"name":"P\u00e1gina de inicio"}]},{"@type":"WebSite","@id":"https:\/\/www.diario22.ar\/notix2\/#website","url":"https:\/\/www.diario22.ar\/notix2\/","name":"diario22.ar","description":"Vive hoy &amp; descubre lo que viene","publisher":{"@id":"https:\/\/www.diario22.ar\/notix2\/#organization"},"potentialAction":[{"@type":"SearchAction","target":{"@type":"EntryPoint","urlTemplate":"https:\/\/www.diario22.ar\/notix2\/?s={search_term_string}"},"query-input":{"@type":"PropertyValueSpecification","valueRequired":true,"valueName":"search_term_string"}}],"inLanguage":"es-AR"},{"@type":"Organization","@id":"https:\/\/www.diario22.ar\/notix2\/#organization","name":"diario22.ar","url":"https:\/\/www.diario22.ar\/notix2\/","logo":{"@type":"ImageObject","inLanguage":"es-AR","@id":"https:\/\/www.diario22.ar\/notix2\/#\/schema\/logo\/image\/","url":"https:\/\/www.diario22.ar\/notix2\/wp-content\/uploads\/2025\/10\/cropped-Publish-1.png","contentUrl":"https:\/\/www.diario22.ar\/notix2\/wp-content\/uploads\/2025\/10\/cropped-Publish-1.png","width":1560,"height":722,"caption":"diario22.ar"},"image":{"@id":"https:\/\/www.diario22.ar\/notix2\/#\/schema\/logo\/image\/"}}]}},"_links":{"self":[{"href":"https:\/\/www.diario22.ar\/notix2\/wp-json\/wp\/v2\/pages\/19","targetHints":{"allow":["GET"]}}],"collection":[{"href":"https:\/\/www.diario22.ar\/notix2\/wp-json\/wp\/v2\/pages"}],"about":[{"href":"https:\/\/www.diario22.ar\/notix2\/wp-json\/wp\/v2\/types\/page"}],"author":[{"embeddable":true,"href":"https:\/\/www.diario22.ar\/notix2\/wp-json\/wp\/v2\/users\/1"}],"replies":[{"embeddable":true,"href":"https:\/\/www.diario22.ar\/notix2\/wp-json\/wp\/v2\/comments?post=19"}],"version-history":[{"count":0,"href":"https:\/\/www.diario22.ar\/notix2\/wp-json\/wp\/v2\/pages\/19\/revisions"}],"wp:featuredmedia":[{"embeddable":true,"href":"https:\/\/www.diario22.ar\/notix2\/wp-json\/wp\/v2\/media\/49775"}],"wp:attachment":[{"href":"https:\/\/www.diario22.ar\/notix2\/wp-json\/wp\/v2\/media?parent=19"}],"curies":[{"name":"wp","href":"https:\/\/api.w.org\/{rel}","templated":true}]}}